{"id":94927,"date":"2026-09-02T21:41:03","date_gmt":"2026-09-03T03:41:03","guid":{"rendered":"https:\/\/www.iaicr.com\/htdocs\/?page_id=94927"},"modified":"2026-09-03T17:54:19","modified_gmt":"2026-09-03T23:54:19","slug":"programa-vii-jornada-auditoria-interna-2026","status":"publish","type":"page","link":"https:\/\/www.iaicr.com\/htdocs\/vii-jornada-auditoria-interna-2026\/programa-vii-jornada-auditoria-interna-2026\/","title":{"rendered":"Programa de la VII Jornada de Auditor\u00eda Interna 2026"},"content":{"rendered":"\t\t<div data-elementor-type=\"wp-page\" data-elementor-id=\"94927\" class=\"elementor elementor-94927\" data-elementor-post-type=\"page\">\n\t\t\t\t<div class=\" elementor-element elementor-element-2238460 e-flex e-con-boxed section-light e-con e-parent\" data-id=\"2238460\" data-element_type=\"container\" data-e-type=\"container\">\n\t\t\t\t\t<div class=\"e-con-inner\">\n\t\t\t\t<div class=\"elementor-element elementor-element-5f86e28 elementor-widget elementor-widget-menu-anchor\" data-id=\"5f86e28\" data-element_type=\"widget\" data-e-type=\"widget\" data-widget_type=\"menu-anchor.default\">\n\t\t\t\t<div class=\"elementor-widget-container\">\n\t\t\t\t\t\t\t<div class=\"elementor-menu-anchor\" id=\"jornada\"><\/div>\n\t\t\t\t\t\t<\/div>\n\t\t\t\t<\/div>\n\t\t\t\t<div class=\"elementor-element elementor-element-660bca9 elementor-widget elementor-widget-embedpress_pdf\" data-id=\"660bca9\" data-element_type=\"widget\" data-e-type=\"widget\" data-widget_type=\"embedpress_pdf.default\">\n\t\t\t\t<div class=\"elementor-widget-container\">\n\t\t\t\t\t    <div class=\"embedpress-document-embed ep-doc-60104bf643eeb9760f8370ab47d5f163 ose-document emebedpress-unit-percent \" data-thememode=\"default\" data-customcolor=\"\" data-toolbar=\"yes\" data-toolbar-position=\"top\" data-open=\"no\" data-presentation-mode=\"yes\" data-download=\"yes\" data-copy=\"yes\" data-add-image=\"yes\" data-rotate=\"yes\" data-details=\"yes\" data-id=\"embedpress-pdf-660bca9\" data-selection-tool=\"0\" data-scrolling=\"0\" data-spreads=\"-1\" style=\" max-width:100%; display: inline-block\">\n\n        \n                <div >\n\n                    <div id=\"ep-elementor-content-660bca9\" class=\"ep-elementor-content   ep-percentage-width   ep-content-protection-disabled\">\n                        <div id=\"660bca9\" class=\"ep-embed-content-wraper\">\n                            <div><iframe title=\"Programa Preliminar Jornada &#8211; VII\" class=\"embedpress-embed-document-pdf embedpress-pdf-660bca9\" style=\"width: 600%!important;height: 600px;; max-width:100%; display: inline-block\" src=\"https:\/\/www.iaicr.com\/htdocs\/wp-content\/plugins\/embedpress\/assets\/pdf\/web\/viewer.html?&#038;file=https%3A%2F%2Fwww.iaicr.com%2Fhtdocs%2Fwp-content%2Fuploads%2F2026%2F09%2FPrograma-Preliminar-Jornada-VII.pdf&#038;scrolling=0&#038;selection_tool=0&#038;spreads=-1#key=dGhlbWVNb2RlPWRlZmF1bHQmdG9vbGJhcj10cnVlJnBvc2l0aW9uPXRvcCZwcmVzZW50YXRpb249dHJ1ZSZsYXp5TG9hZD1mYWxzZSZkb3dubG9hZD10cnVlJmNvcHlfdGV4dD10cnVlJmFkZF90ZXh0PXRydWUmZHJhdz10cnVlJmFkZF9pbWFnZT10cnVlJnBkZl9yb3RhdGlvbj10cnVlJnBkZl9kZXRhaWxzPXRydWUmem9vbV9pbj10cnVlJnpvb21fb3V0PXRydWUmZml0X3ZpZXc9dHJ1ZSZib29rbWFyaz10cnVlJnNvdW5kPXRydWUmZmxpcGJvb2tfdG9vbGJhcl9wb3NpdGlvbj1ib3R0b20mZmxpcGJvb2tfcnRsPWZhbHNlJmZsaXBib29rX2hpZ2hsaWdodF9saW5rcz1mYWxzZSZmbGlwYm9va19oaWdobGlnaHRfY29sb3I9cmdiYSUyODI1NSUyQysyNTUlMkMrMCUyQyswLjElMjkmc2VsZWN0aW9uX3Rvb2w9MCZzY3JvbGxpbmc9MCZzcHJlYWRzPS0xJmlzX3Byb19hY3RpdmU9MCZwYWdlTnVtYmVyPTEmd2F0ZXJtYXJrX3RleHQ9JndhdGVybWFya19mb250X3NpemU9NDgmd2F0ZXJtYXJrX2NvbG9yPSUyMzAwMDAwMCZ3YXRlcm1hcmtfb3BhY2l0eT0xNSZ3YXRlcm1hcmtfc3R5bGU9Y2VudGVy&#038;zoom=auto\" class=\"embedpress-embed-document-pdf embedpress-pdf-660bca9\" data-emid=\"embedpress-pdf-660bca9\" data-embed-type=\"PDF\" data-ep-views=\"off\" data-ep-downloads=\"off\" frameborder=\"0\"><\/iframe><\/div>                        <\/div>\n\n                    <\/div>\n\n\n                   \n                <\/div>\n            \n    <\/div>\n\n\t\t\t\t<\/div>\n\t\t\t\t<\/div>\n\t\t\t\t\t<\/div>\n\t\t\t\t<\/div>\n\t\t<div class=\" elementor-element elementor-element-068fcd7 e-flex e-con-boxed section-light e-con e-parent\" data-id=\"068fcd7\" data-element_type=\"container\" data-e-type=\"container\">\n\t\t\t\t\t<div class=\"e-con-inner\">\n\t\t\t\t<div class=\"elementor-element elementor-element-1777763 elementor-widget elementor-widget-spacer\" data-id=\"1777763\" data-element_type=\"widget\" data-e-type=\"widget\" data-widget_type=\"spacer.default\">\n\t\t\t\t<div class=\"elementor-widget-container\">\n\t\t\t\t\t\t\t<div class=\"elementor-spacer\">\n\t\t\t<div class=\"elementor-spacer-inner\"><\/div>\n\t\t<\/div>\n\t\t\t\t\t\t<\/div>\n\t\t\t\t<\/div>\n\t\t\t\t\t<\/div>\n\t\t\t\t<\/div>\n\t\t<div class=\" elementor-element elementor-element-4fa5cb8a e-flex e-con-boxed section-light e-con e-parent\" data-id=\"4fa5cb8a\" data-element_type=\"container\" data-e-type=\"container\" data-settings=\"{&quot;background_background&quot;:&quot;classic&quot;}\">\n\t\t\t\t\t<div class=\"e-con-inner\">\n\t\t<div class=\"entrance-animation  elementor-element elementor-element-4dab7426 e-con-full e-flex section-light e-con e-child\" data-anime=\"{&quot;duration&quot;:600,&quot;staggervalue&quot;:300,&quot;easing&quot;:&quot;easeOutQuad&quot;,&quot;targets&quot;:&quot;.elementor-element-4dab7426.entrance-animation&gt; .e-child,.elementor-element-4dab7426.entrance-animation&gt; .e-con-inner &gt; .e-con-full.e-child,.elementor-element-4dab7426.entrance-animation&gt; .elementor-widget,.elementor-element-4dab7426.entrance-animation&gt; .e-con-inner &gt; .elementor-widget&quot;,&quot;opacity&quot;:[0,1],&quot;translateY&quot;:[50,0]}\" data-id=\"4dab7426\" data-element_type=\"container\" data-e-type=\"container\">\n\t\t<div class=\" elementor-element elementor-element-7778e5eb e-con-full e-flex section-light e-con e-child\" data-id=\"7778e5eb\" data-element_type=\"container\" data-e-type=\"container\" data-settings=\"{&quot;background_background&quot;:&quot;gradient&quot;}\">\n\t\t\t\t<div class=\"elementor-element elementor-element-43c9683c elementor-view-default elementor-widget elementor-widget-icon\" data-id=\"43c9683c\" data-element_type=\"widget\" data-e-type=\"widget\" data-widget_type=\"icon.default\">\n\t\t\t\t<div class=\"elementor-widget-container\">\n\t\t\t\t\t\t\t<div class=\"elementor-icon-wrapper\">\n\t\t\t<div class=\"elementor-icon\">\n\t\t\t<i aria-hidden=\"true\" class=\"bi bi-arrow-down-right-square-fill\"><\/i>\t\t\t<\/div>\n\t\t<\/div>\n\t\t\t\t\t\t<\/div>\n\t\t\t\t<\/div>\n\t\t\t\t<div class=\"elementor-element elementor-element-e41bf0e elementor-widget elementor-widget-crafto-heading\" data-id=\"e41bf0e\" data-element_type=\"widget\" data-e-type=\"widget\" data-widget_type=\"crafto-heading.default\">\n\t\t\t\t<div class=\"elementor-widget-container\">\n\t\t\t\t\t<span class=\"crafto-heading\"><span class=\"crafto-primary-title\">Sea Parte de la<\/span><\/span>\t\t\t\t<\/div>\n\t\t\t\t<\/div>\n\t\t\t\t<\/div>\n\t\t\t\t<div class=\"elementor-element elementor-element-f183993 elementor-widget elementor-widget-image\" data-id=\"f183993\" data-element_type=\"widget\" data-e-type=\"widget\" data-widget_type=\"image.default\">\n\t\t\t\t<div class=\"elementor-widget-container\">\n\t\t\t\t\t\t\t\t\t\t\t\t\t\t\t<img loading=\"lazy\" decoding=\"async\" loading=\"lazy\" width=\"409\" height=\"274\" src=\"https:\/\/i0.wp.com\/www.iaicr.com\/htdocs\/wp-content\/uploads\/2026\/08\/TITULO-JORNADA-AUDITORIA-2026.png?fit=409%2C274&amp;ssl=1\" class=\"attachment-full size-full wp-image-94789\" alt=\"TITULO JORNADA AUDITORIA 2026\" srcset=\"https:\/\/i0.wp.com\/www.iaicr.com\/htdocs\/wp-content\/uploads\/2026\/08\/TITULO-JORNADA-AUDITORIA-2026.png?w=409&amp;ssl=1 409w, https:\/\/i0.wp.com\/www.iaicr.com\/htdocs\/wp-content\/uploads\/2026\/08\/TITULO-JORNADA-AUDITORIA-2026.png?resize=300%2C201&amp;ssl=1 300w\" sizes=\"auto, (max-width: 409px) 100vw, 409px\" \/>\t\t\t\t\t\t\t\t\t\t\t\t\t\t\t<\/div>\n\t\t\t\t<\/div>\n\t\t\t\t<div class=\"elementor-element elementor-element-6e3b3bde elementor-widget elementor-widget-text-editor\" data-id=\"6e3b3bde\" data-element_type=\"widget\" data-e-type=\"widget\" data-widget_type=\"text-editor.default\">\n\t\t\t\t<div class=\"elementor-widget-container\">\n\t\t\t\t\t\t\t\t\t<p>Actualice sus conocimientos, conecte con la comunidad profesional y fortalezca su visi\u00f3n sobre el futuro de la Auditor\u00eda Interna.<\/p>\t\t\t\t\t\t\t\t<\/div>\n\t\t\t\t<\/div>\n\t\t\t\t<div class=\"elementor-element elementor-element-5a5e2de8 elementor-widget elementor-widget-crafto-button\" data-id=\"5a5e2de8\" data-element_type=\"widget\" data-e-type=\"widget\" data-widget_type=\"crafto-button.default\">\n\t\t\t\t<div class=\"elementor-widget-container\">\n\t\t\t\t\t\t\t\t<div class=\"elementor-button-wrapper crafto-button-wrapper\">\n\t\t\t\t<a class=\"elementor-button btn-icon-right elementor-button-link default elementor-size-xl elementor-animation-btn-switch-text btn-custom-effect\" role=\"button\" href=\"https:\/\/www.iaicr.com\/htdocs\/vii-jornada-auditoria-interna-2026\/formulario-inscripcion-vii-jornada-auditoria-interna\/\">\n\t\t\t\t\t\t\t\t<div class=\"elementor-button-content-wrapper\">\n\t\t\t\t\t\t\t\t\t<span class=\"elementor-button-text\" data-btn-text=\"\u00a1Inscr\u00edbase ahora!\">\u00a1Inscr\u00edbase ahora!<\/span>\n\t\t\t\t\t\t\t\t\t\t<span class=\"elementor-button-icon elementor-align-icon-right\">\n\t\t\t\t\t\t<i aria-hidden=\"true\" class=\"fa-solid fa-arrow-right\"><\/i>\t\t\t\t\t<\/span>\n\t\t\t\t\t\t\t\t<\/div>\n\t\t\t\t\t\t\t<\/a>\n\t\t\t<\/div>\n\t\t\t\t\t\t\t<\/div>\n\t\t\t\t<\/div>\n\t\t\t\t<\/div>\n\t\t\t\t\t<\/div>\n\t\t\t\t<\/div>\n\t\t\t\t<\/div>\n\t\t","protected":false},"excerpt":{"rendered":"<p>Sea Parte de la Actualice sus conocimientos, conecte con la comunidad profesional y fortalezca su visi\u00f3n sobre el futuro de la Auditor\u00eda Interna. \u00a1Inscr\u00edbase ahora!<\/p>\n","protected":false},"author":1,"featured_media":0,"parent":94649,"menu_order":0,"comment_status":"closed","ping_status":"closed","template":"","meta":{"nf_dc_page":"","om_disable_all_campaigns":false,"footnotes":""},"class_list":["post-94927","page","type-page","status-publish","hentry"],"yoast_head":"<!-- This site is optimized with the Yoast SEO plugin v28.4 - https:\/\/yoast.com\/product\/yoast-seo-wordpress\/ -->\n<title>Programa VII Jornada de Auditor\u00eda Interna 2026 | IAICR<\/title>\n<meta name=\"description\" content=\"Consulte el programa de la VII Jornada de Auditor\u00eda Interna 2026 del IAICR, con conferencias, horarios, temas clave y espacios de actualizaci\u00f3n profesional.\" \/>\n<meta name=\"robots\" content=\"index, follow, max-snippet:-1, max-image-preview:large, max-video-preview:-1\" \/>\n<link rel=\"canonical\" href=\"https:\/\/www.iaicr.com\/htdocs\/vii-jornada-auditoria-interna-2026\/programa-vii-jornada-auditoria-interna-2026\/\" \/>\n<meta property=\"og:locale\" content=\"es_MX\" \/>\n<meta property=\"og:type\" content=\"article\" \/>\n<meta property=\"og:title\" content=\"Programa VII Jornada de Auditor\u00eda Interna 2026 | IAICR\" \/>\n<meta property=\"og:description\" content=\"Consulte el programa de la VII Jornada de Auditor\u00eda Interna 2026 del IAICR, con conferencias, horarios, temas clave y espacios de actualizaci\u00f3n profesional.\" \/>\n<meta property=\"og:url\" content=\"https:\/\/www.iaicr.com\/htdocs\/vii-jornada-auditoria-interna-2026\/programa-vii-jornada-auditoria-interna-2026\/\" \/>\n<meta property=\"og:site_name\" content=\"Instituto de Auditores Internos de Costa Rica\" \/>\n<meta property=\"article:modified_time\" content=\"2026-09-03T23:54:19+00:00\" \/>\n<meta property=\"og:image\" content=\"https:\/\/www.iaicr.com\/htdocs\/wp-content\/uploads\/2026\/08\/jornada-invitacion-2.jpeg\" \/>\n\t<meta property=\"og:image:width\" content=\"1978\" \/>\n\t<meta property=\"og:image:height\" content=\"2560\" \/>\n\t<meta property=\"og:image:type\" content=\"image\/jpeg\" \/>\n<meta name=\"twitter:card\" content=\"summary_large_image\" \/>\n<meta name=\"twitter:title\" content=\"Programa VII Jornada de Auditor\u00eda Interna 2026 | IAICR\" \/>\n<meta name=\"twitter:description\" content=\"Consulte el programa de la VII Jornada de Auditor\u00eda Interna 2026 del IAICR, con conferencias, horarios, temas clave y espacios de actualizaci\u00f3n profesional.\" \/>\n<meta name=\"twitter:image\" content=\"https:\/\/i0.wp.com\/www.iaicr.com\/htdocs\/wp-content\/uploads\/2026\/08\/jornada-invitacion-2.jpeg?fit=1978%2C2560&ssl=1\" \/>\n<meta name=\"twitter:label1\" content=\"Tiempo de lectura\" \/>\n\t<meta name=\"twitter:data1\" content=\"1 minuto\" \/>\n<script type=\"application\/ld+json\" class=\"yoast-schema-graph\">{\"@context\":\"https:\\\/\\\/schema.org\",\"@graph\":[{\"@type\":\"WebPage\",\"@id\":\"https:\\\/\\\/www.iaicr.com\\\/htdocs\\\/vii-jornada-auditoria-interna-2026\\\/programa-vii-jornada-auditoria-interna-2026\\\/\",\"url\":\"https:\\\/\\\/www.iaicr.com\\\/htdocs\\\/vii-jornada-auditoria-interna-2026\\\/programa-vii-jornada-auditoria-interna-2026\\\/\",\"name\":\"Programa VII Jornada de Auditor\u00eda Interna 2026 | IAICR\",\"isPartOf\":{\"@id\":\"https:\\\/\\\/www.iaicr.com\\\/htdocs\\\/#website\"},\"primaryImageOfPage\":{\"@id\":\"https:\\\/\\\/www.iaicr.com\\\/htdocs\\\/vii-jornada-auditoria-interna-2026\\\/programa-vii-jornada-auditoria-interna-2026\\\/#primaryimage\"},\"image\":{\"@id\":\"https:\\\/\\\/www.iaicr.com\\\/htdocs\\\/vii-jornada-auditoria-interna-2026\\\/programa-vii-jornada-auditoria-interna-2026\\\/#primaryimage\"},\"thumbnailUrl\":\"https:\\\/\\\/www.iaicr.com\\\/htdocs\\\/wp-content\\\/uploads\\\/2026\\\/08\\\/TITULO-JORNADA-AUDITORIA-2026.png\",\"datePublished\":\"2026-09-03T03:41:03+00:00\",\"dateModified\":\"2026-09-03T23:54:19+00:00\",\"description\":\"Consulte el programa de la VII Jornada de Auditor\u00eda Interna 2026 del IAICR, con conferencias, horarios, temas clave y espacios de actualizaci\u00f3n profesional.\",\"breadcrumb\":{\"@id\":\"https:\\\/\\\/www.iaicr.com\\\/htdocs\\\/vii-jornada-auditoria-interna-2026\\\/programa-vii-jornada-auditoria-interna-2026\\\/#breadcrumb\"},\"inLanguage\":\"es\",\"potentialAction\":[{\"@type\":\"ReadAction\",\"target\":[\"https:\\\/\\\/www.iaicr.com\\\/htdocs\\\/vii-jornada-auditoria-interna-2026\\\/programa-vii-jornada-auditoria-interna-2026\\\/\"]}]},{\"@type\":\"ImageObject\",\"inLanguage\":\"es\",\"@id\":\"https:\\\/\\\/www.iaicr.com\\\/htdocs\\\/vii-jornada-auditoria-interna-2026\\\/programa-vii-jornada-auditoria-interna-2026\\\/#primaryimage\",\"url\":\"https:\\\/\\\/i0.wp.com\\\/www.iaicr.com\\\/htdocs\\\/wp-content\\\/uploads\\\/2026\\\/08\\\/TITULO-JORNADA-AUDITORIA-2026.png?fit=409%2C274&ssl=1\",\"contentUrl\":\"https:\\\/\\\/i0.wp.com\\\/www.iaicr.com\\\/htdocs\\\/wp-content\\\/uploads\\\/2026\\\/08\\\/TITULO-JORNADA-AUDITORIA-2026.png?fit=409%2C274&ssl=1\",\"width\":409,\"height\":274},{\"@type\":\"BreadcrumbList\",\"@id\":\"https:\\\/\\\/www.iaicr.com\\\/htdocs\\\/vii-jornada-auditoria-interna-2026\\\/programa-vii-jornada-auditoria-interna-2026\\\/#breadcrumb\",\"itemListElement\":[{\"@type\":\"ListItem\",\"position\":1,\"name\":\"Inicio\",\"item\":\"https:\\\/\\\/www.iaicr.com\\\/htdocs\\\/\"},{\"@type\":\"ListItem\",\"position\":2,\"name\":\"VII Jornada de Auditor\u00eda Interna 2026\",\"item\":\"https:\\\/\\\/www.iaicr.com\\\/htdocs\\\/vii-jornada-auditoria-interna-2026\\\/\"},{\"@type\":\"ListItem\",\"position\":3,\"name\":\"Programa de la VII Jornada de Auditor\u00eda Interna 2026\"}]},{\"@type\":\"WebSite\",\"@id\":\"https:\\\/\\\/www.iaicr.com\\\/htdocs\\\/#website\",\"url\":\"https:\\\/\\\/www.iaicr.com\\\/htdocs\\\/\",\"name\":\"Instituto de Auditores Internos de Costa Rica\",\"description\":\"IAICR\",\"potentialAction\":[{\"@type\":\"SearchAction\",\"target\":{\"@type\":\"EntryPoint\",\"urlTemplate\":\"https:\\\/\\\/www.iaicr.com\\\/htdocs\\\/?s={search_term_string}\"},\"query-input\":{\"@type\":\"PropertyValueSpecification\",\"valueRequired\":true,\"valueName\":\"search_term_string\"}}],\"inLanguage\":\"es\"}]}<\/script>\n<!-- \/ Yoast SEO plugin. -->","yoast_head_json":{"title":"Programa VII Jornada de Auditor\u00eda Interna 2026 | IAICR","description":"Consulte el programa de la VII Jornada de Auditor\u00eda Interna 2026 del IAICR, con conferencias, horarios, temas clave y espacios de actualizaci\u00f3n profesional.","robots":{"index":"index","follow":"follow","max-snippet":"max-snippet:-1","max-image-preview":"max-image-preview:large","max-video-preview":"max-video-preview:-1"},"canonical":"https:\/\/www.iaicr.com\/htdocs\/vii-jornada-auditoria-interna-2026\/programa-vii-jornada-auditoria-interna-2026\/","og_locale":"es_MX","og_type":"article","og_title":"Programa VII Jornada de Auditor\u00eda Interna 2026 | IAICR","og_description":"Consulte el programa de la VII Jornada de Auditor\u00eda Interna 2026 del IAICR, con conferencias, horarios, temas clave y espacios de actualizaci\u00f3n profesional.","og_url":"https:\/\/www.iaicr.com\/htdocs\/vii-jornada-auditoria-interna-2026\/programa-vii-jornada-auditoria-interna-2026\/","og_site_name":"Instituto de Auditores Internos de Costa Rica","article_modified_time":"2026-09-03T23:54:19+00:00","og_image":[{"width":1978,"height":2560,"url":"https:\/\/www.iaicr.com\/htdocs\/wp-content\/uploads\/2026\/08\/jornada-invitacion-2.jpeg","type":"image\/jpeg"}],"twitter_card":"summary_large_image","twitter_title":"Programa VII Jornada de Auditor\u00eda Interna 2026 | IAICR","twitter_description":"Consulte el programa de la VII Jornada de Auditor\u00eda Interna 2026 del IAICR, con conferencias, horarios, temas clave y espacios de actualizaci\u00f3n profesional.","twitter_image":"https:\/\/i0.wp.com\/www.iaicr.com\/htdocs\/wp-content\/uploads\/2026\/08\/jornada-invitacion-2.jpeg?fit=1978%2C2560&ssl=1","twitter_misc":{"Tiempo de lectura":"1 minuto"},"schema":{"@context":"https:\/\/schema.org","@graph":[{"@type":"WebPage","@id":"https:\/\/www.iaicr.com\/htdocs\/vii-jornada-auditoria-interna-2026\/programa-vii-jornada-auditoria-interna-2026\/","url":"https:\/\/www.iaicr.com\/htdocs\/vii-jornada-auditoria-interna-2026\/programa-vii-jornada-auditoria-interna-2026\/","name":"Programa VII Jornada de Auditor\u00eda Interna 2026 | IAICR","isPartOf":{"@id":"https:\/\/www.iaicr.com\/htdocs\/#website"},"primaryImageOfPage":{"@id":"https:\/\/www.iaicr.com\/htdocs\/vii-jornada-auditoria-interna-2026\/programa-vii-jornada-auditoria-interna-2026\/#primaryimage"},"image":{"@id":"https:\/\/www.iaicr.com\/htdocs\/vii-jornada-auditoria-interna-2026\/programa-vii-jornada-auditoria-interna-2026\/#primaryimage"},"thumbnailUrl":"https:\/\/www.iaicr.com\/htdocs\/wp-content\/uploads\/2026\/08\/TITULO-JORNADA-AUDITORIA-2026.png","datePublished":"2026-09-03T03:41:03+00:00","dateModified":"2026-09-03T23:54:19+00:00","description":"Consulte el programa de la VII Jornada de Auditor\u00eda Interna 2026 del IAICR, con conferencias, horarios, temas clave y espacios de actualizaci\u00f3n profesional.","breadcrumb":{"@id":"https:\/\/www.iaicr.com\/htdocs\/vii-jornada-auditoria-interna-2026\/programa-vii-jornada-auditoria-interna-2026\/#breadcrumb"},"inLanguage":"es","potentialAction":[{"@type":"ReadAction","target":["https:\/\/www.iaicr.com\/htdocs\/vii-jornada-auditoria-interna-2026\/programa-vii-jornada-auditoria-interna-2026\/"]}]},{"@type":"ImageObject","inLanguage":"es","@id":"https:\/\/www.iaicr.com\/htdocs\/vii-jornada-auditoria-interna-2026\/programa-vii-jornada-auditoria-interna-2026\/#primaryimage","url":"https:\/\/i0.wp.com\/www.iaicr.com\/htdocs\/wp-content\/uploads\/2026\/08\/TITULO-JORNADA-AUDITORIA-2026.png?fit=409%2C274&ssl=1","contentUrl":"https:\/\/i0.wp.com\/www.iaicr.com\/htdocs\/wp-content\/uploads\/2026\/08\/TITULO-JORNADA-AUDITORIA-2026.png?fit=409%2C274&ssl=1","width":409,"height":274},{"@type":"BreadcrumbList","@id":"https:\/\/www.iaicr.com\/htdocs\/vii-jornada-auditoria-interna-2026\/programa-vii-jornada-auditoria-interna-2026\/#breadcrumb","itemListElement":[{"@type":"ListItem","position":1,"name":"Inicio","item":"https:\/\/www.iaicr.com\/htdocs\/"},{"@type":"ListItem","position":2,"name":"VII Jornada de Auditor\u00eda Interna 2026","item":"https:\/\/www.iaicr.com\/htdocs\/vii-jornada-auditoria-interna-2026\/"},{"@type":"ListItem","position":3,"name":"Programa de la VII Jornada de Auditor\u00eda Interna 2026"}]},{"@type":"WebSite","@id":"https:\/\/www.iaicr.com\/htdocs\/#website","url":"https:\/\/www.iaicr.com\/htdocs\/","name":"Instituto de Auditores Internos de Costa Rica","description":"IAICR","potentialAction":[{"@type":"SearchAction","target":{"@type":"EntryPoint","urlTemplate":"https:\/\/www.iaicr.com\/htdocs\/?s={search_term_string}"},"query-input":{"@type":"PropertyValueSpecification","valueRequired":true,"valueName":"search_term_string"}}],"inLanguage":"es"}]}},"jetpack_sharing_enabled":true,"_links":{"self":[{"href":"https:\/\/www.iaicr.com\/htdocs\/wp-json\/wp\/v2\/pages\/94927","targetHints":{"allow":["GET"]}}],"collection":[{"href":"https:\/\/www.iaicr.com\/htdocs\/wp-json\/wp\/v2\/pages"}],"about":[{"href":"https:\/\/www.iaicr.com\/htdocs\/wp-json\/wp\/v2\/types\/page"}],"author":[{"embeddable":true,"href":"https:\/\/www.iaicr.com\/htdocs\/wp-json\/wp\/v2\/users\/1"}],"replies":[{"embeddable":true,"href":"https:\/\/www.iaicr.com\/htdocs\/wp-json\/wp\/v2\/comments?post=94927"}],"version-history":[{"count":5,"href":"https:\/\/www.iaicr.com\/htdocs\/wp-json\/wp\/v2\/pages\/94927\/revisions"}],"predecessor-version":[{"id":95047,"href":"https:\/\/www.iaicr.com\/htdocs\/wp-json\/wp\/v2\/pages\/94927\/revisions\/95047"}],"up":[{"embeddable":true,"href":"https:\/\/www.iaicr.com\/htdocs\/wp-json\/wp\/v2\/pages\/94649"}],"wp:attachment":[{"href":"https:\/\/www.iaicr.com\/htdocs\/wp-json\/wp\/v2\/media?parent=94927"}],"curies":[{"name":"wp","href":"https:\/\/api.w.org\/{rel}","templated":true}]}}